{"id":488,"date":"2015-03-03T11:28:48","date_gmt":"2015-03-03T09:28:48","guid":{"rendered":"http:\/\/ogt-wesselburen.de\/?page_id=488"},"modified":"2026-04-21T11:43:53","modified_gmt":"2026-04-21T09:43:53","slug":"ferienbetreuung-2014-3","status":"publish","type":"page","link":"https:\/\/ogt-wesselburen.de\/?page_id=488","title":{"rendered":"Ferienbetreuung"},"content":{"rendered":"<p>[et_pb_section fb_built=&#8220;1&#8243; custom_padding_last_edited=&#8220;off|tablet&#8220; admin_label=&#8220;Header&#8220; _builder_version=&#8220;4.16&#8243; background_color=&#8220;#a2bc57&#8243; background_color_gradient_direction=&#8220;140deg&#8220; background_image=&#8220;https:\/\/ogt-wesselburen.de\/wp-content\/uploads\/2022\/07\/ripped-paper-grid-background-pastel-handmade-craft-scaled.jpg&#8220; custom_margin=&#8220;5vw|5vw||5vw|false|true&#8220; custom_margin_tablet=&#8220;0vw|0vw||0vw|false|true&#8220; custom_margin_phone=&#8220;&#8220; custom_margin_last_edited=&#8220;on|tablet&#8220; custom_padding=&#8220;0px||0px||false|false&#8220; custom_padding_tablet=&#8220;|60px|60px|60px|false|true&#8220; custom_padding_phone=&#8220;|30px|30px|30px|false|true&#8220; global_colors_info=&#8220;{}&#8220;][et_pb_row column_structure=&#8220;1_4,1_4,1_4,1_4&#8243; custom_padding_last_edited=&#8220;off|phone&#8220; _builder_version=&#8220;4.16&#8243; background_color=&#8220;#ffffff&#8220; module_alignment=&#8220;center&#8220; custom_margin=&#8220;||||false|false&#8220; custom_padding=&#8220;40px|30px|0px|30px|false|true&#8220; custom_padding_tablet=&#8220;||||false|true&#8220; custom_padding_phone=&#8220;|30px||30px|false|true&#8220; global_colors_info=&#8220;{}&#8220;][et_pb_column type=&#8220;1_4&#8243; _builder_version=&#8220;4.16&#8243; background_color=&#8220;#b3433d&#8220; custom_padding=&#8220;|20px|30px||false|false&#8220; border_color_all=&#8220;#b3433d&#8220; box_shadow_style=&#8220;preset4&#8243; box_shadow_horizontal=&#8220;-20vw&#8220; box_shadow_vertical=&#8220;-20vw&#8220; box_shadow_spread=&#8220;20vw&#8220; box_shadow_color=&#8220;#b3433d&#8220; global_colors_info=&#8220;{}&#8220;][et_pb_text _builder_version=&#8220;4.23.4&#8243; _module_preset=&#8220;default&#8220; header_2_font=&#8220;Montserrat|600|||||||&#8220; header_2_text_color=&#8220;#FFFFFF&#8220; header_2_font_size=&#8220;56px&#8220; global_colors_info=&#8220;{}&#8220;]<\/p>\n<h2>Unser Angebot f\u00fcr die Ferien<\/h2>\n<p>[\/et_pb_text][\/et_pb_column][et_pb_column type=&#8220;1_4&#8243; _builder_version=&#8220;4.16&#8243; global_colors_info=&#8220;{}&#8220;][et_pb_blurb title=&#8220;Sommerferien 2026 &#8211; 1.\/2. Woche&#8220; url=&#8220;https:\/\/ogt-wesselburen.de\/wp-content\/uploads\/2026\/04\/Ferienbetreuung-Sommer-2026-01.pdf&#8220; image=&#8220;https:\/\/ogt-wesselburen.de\/wp-content\/uploads\/2022\/06\/museum.png&#8220; image_icon_width=&#8220;50%&#8220; image_icon_width_tablet=&#8220;50%&#8220; image_icon_width_phone=&#8220;40%&#8220; image_icon_width_last_edited=&#8220;on|phone&#8220; _builder_version=&#8220;4.27.4&#8243; header_font=&#8220;Lato|900|||||||&#8220; header_text_color=&#8220;#b3433d&#8220; header_font_size=&#8220;18px&#8220; header_letter_spacing=&#8220;1px&#8220; header_line_height=&#8220;1.6em&#8220; body_text_color=&#8220;#57a3d7&#8243; text_orientation=&#8220;center&#8220; background_layout=&#8220;dark&#8220; animation=&#8220;off&#8220; image_max_width=&#8220;50%&#8220; image_max_width_tablet=&#8220;&#8220; image_max_width_phone=&#8220;40%&#8220; image_max_width_last_edited=&#8220;on|phone&#8220; global_colors_info=&#8220;{}&#8220;][\/et_pb_blurb][\/et_pb_column][et_pb_column type=&#8220;1_4&#8243; _builder_version=&#8220;4.27.4&#8243; _module_preset=&#8220;default&#8220; global_colors_info=&#8220;{}&#8220;][et_pb_blurb title=&#8220;Sommerferien 2026 &#8211; 5.\/6. Woche&#8220; url=&#8220;https:\/\/ogt-wesselburen.de\/wp-content\/uploads\/2026\/04\/Ferienbetreuung-Sommer-2026-02.pdf&#8220; image=&#8220;https:\/\/ogt-wesselburen.de\/wp-content\/uploads\/2022\/06\/museum.png&#8220; image_icon_width=&#8220;50%&#8220; image_icon_width_tablet=&#8220;50%&#8220; image_icon_width_phone=&#8220;40%&#8220; image_icon_width_last_edited=&#8220;on|phone&#8220; _builder_version=&#8220;4.27.4&#8243; header_font=&#8220;Lato|900|||||||&#8220; header_text_color=&#8220;#b3433d&#8220; header_font_size=&#8220;18px&#8220; header_letter_spacing=&#8220;1px&#8220; header_line_height=&#8220;1.6em&#8220; body_text_color=&#8220;#57a3d7&#8243; text_orientation=&#8220;center&#8220; background_layout=&#8220;dark&#8220; animation=&#8220;off&#8220; image_max_width=&#8220;50%&#8220; image_max_width_tablet=&#8220;&#8220; image_max_width_phone=&#8220;40%&#8220; image_max_width_last_edited=&#8220;on|phone&#8220; locked=&#8220;off&#8220; global_colors_info=&#8220;{}&#8220;][\/et_pb_blurb][\/et_pb_column][et_pb_column type=&#8220;1_4&#8243; _builder_version=&#8220;4.16&#8243; global_colors_info=&#8220;{}&#8220;][et_pb_blurb title=&#8220;Herbstferien 2026&#8243; image=&#8220;https:\/\/ogt-wesselburen.de\/wp-content\/uploads\/2022\/06\/natur-1.png&#8220; image_icon_width=&#8220;50%&#8220; image_icon_width_tablet=&#8220;50%&#8220; image_icon_width_phone=&#8220;40%&#8220; image_icon_width_last_edited=&#8220;on|phone&#8220; _builder_version=&#8220;4.27.4&#8243; header_font=&#8220;Lato|900|||||||&#8220; header_text_color=&#8220;#d26942&#8243; header_font_size=&#8220;18px&#8220; header_letter_spacing=&#8220;1px&#8220; header_line_height=&#8220;1.6em&#8220; body_text_color=&#8220;#57a3d7&#8243; text_orientation=&#8220;center&#8220; background_layout=&#8220;dark&#8220; animation=&#8220;off&#8220; image_max_width=&#8220;50%&#8220; image_max_width_tablet=&#8220;&#8220; image_max_width_phone=&#8220;40%&#8220; image_max_width_last_edited=&#8220;on|phone&#8220; global_colors_info=&#8220;{}&#8220;][\/et_pb_blurb][\/et_pb_column][\/et_pb_row][et_pb_row column_structure=&#8220;1_3,1_3,1_3&#8243; make_equal=&#8220;on&#8220; custom_padding_last_edited=&#8220;on|phone&#8220; _builder_version=&#8220;4.16&#8243; background_color=&#8220;#ffffff&#8220; module_alignment=&#8220;center&#8220; custom_margin=&#8220;||||false|false&#8220; custom_padding=&#8220;40px|30px|40px|30px|true|true&#8220; custom_padding_tablet=&#8220;&#8220; custom_padding_phone=&#8220;|30px||30px|false|true&#8220; global_colors_info=&#8220;{}&#8220;][et_pb_column type=&#8220;1_3&#8243; _builder_version=&#8220;4.16&#8243; global_colors_info=&#8220;{}&#8220;][\/et_pb_column][et_pb_column type=&#8220;1_3&#8243; _builder_version=&#8220;4.16&#8243; global_colors_info=&#8220;{}&#8220;][\/et_pb_column][et_pb_column type=&#8220;1_3&#8243; _builder_version=&#8220;4.16&#8243; global_colors_info=&#8220;{}&#8220;][\/et_pb_column][\/et_pb_row][et_pb_row _builder_version=&#8220;4.16&#8243; custom_padding=&#8220;0px||0px||true|&#8220; global_colors_info=&#8220;{}&#8220;][et_pb_column type=&#8220;4_4&#8243; _builder_version=&#8220;4.16&#8243; global_colors_info=&#8220;{}&#8220;][et_pb_text _builder_version=&#8220;4.16&#8243; text_text_color=&#8220;#a2bc57&#8243; header_text_color=&#8220;#a2bc57&#8243; header_3_font=&#8220;ogt||||||||&#8220; header_3_text_color=&#8220;#d26942&#8243; header_3_font_size=&#8220;45px&#8220; header_3_line_height=&#8220;1.2em&#8220; text_orientation=&#8220;center&#8220; header_3_font_size_tablet=&#8220;44px&#8220; header_3_font_size_phone=&#8220;&#8220; header_3_font_size_last_edited=&#8220;on|phone&#8220; locked=&#8220;off&#8220; global_colors_info=&#8220;{}&#8220;]<\/p>\n<h3><strong>Die neuen ANmeldeb\u00f6gen sind in K\u00fcrze verf\u00fcgbar!<\/strong><\/h3>\n<p>[\/et_pb_text][et_pb_image src=&#8220;https:\/\/ogt-wesselburen.de\/wp-content\/uploads\/2022\/06\/Kreisundrechteck.png&#8220; title_text=&#8220;Kreisundrechteck&#8220; align=&#8220;right&#8220; _builder_version=&#8220;4.16&#8243; width=&#8220;70%&#8220; scroll_horizontal_motion_enable=&#8220;on&#8220; scroll_horizontal_motion=&#8220;0|50|50|100|0|0|-4&#8243; global_colors_info=&#8220;{}&#8220;][\/et_pb_image][\/et_pb_column][\/et_pb_row][et_pb_row _builder_version=&#8220;4.27.4&#8243; _module_preset=&#8220;default&#8220; global_colors_info=&#8220;{}&#8220;][et_pb_column type=&#8220;4_4&#8243; _builder_version=&#8220;4.27.4&#8243; _module_preset=&#8220;default&#8220; global_colors_info=&#8220;{}&#8220;][et_pb_text _builder_version=&#8220;4.27.4&#8243; text_text_color=&#8220;#a2bc57&#8243; header_text_color=&#8220;#a2bc57&#8243; header_3_font=&#8220;ogt||||||||&#8220; header_3_text_color=&#8220;#d26942&#8243; header_3_font_size=&#8220;45px&#8220; header_3_line_height=&#8220;1.2em&#8220; text_orientation=&#8220;center&#8220; header_3_font_size_tablet=&#8220;44px&#8220; header_3_font_size_phone=&#8220;&#8220; header_3_font_size_last_edited=&#8220;on|phone&#8220; locked=&#8220;off&#8220; global_colors_info=&#8220;{}&#8220;]<\/p>\n<h3><\/h3>\n<h3><strong>Hier unsere Abdeckung der Ferienbetreuung 2026 <br \/><span style=\"color: #46c11d;\">(in Gr\u00fcn)<\/span><\/strong><\/h3>\n<p>[\/et_pb_text][et_pb_image src=&#8220;https:\/\/ogt-wesselburen.de\/wp-content\/uploads\/2026\/01\/ferienbetreuung-2026.jpg&#8220; title_text=&#8220;ferienbetreuung 2026&#8243; _builder_version=&#8220;4.27.4&#8243; _module_preset=&#8220;default&#8220; global_colors_info=&#8220;{}&#8220;][\/et_pb_image][\/et_pb_column][\/et_pb_row][\/et_pb_section][et_pb_section fb_built=&#8220;1&#8243; specialty=&#8220;on&#8220; admin_label=&#8220;How it Works&#8220; _builder_version=&#8220;4.16&#8243; background_color=&#8220;#fffafc&#8220; background_image=&#8220;https:\/\/ogt-wesselburen.de\/wp-content\/uploads\/2022\/07\/notebook-lined-paper-texture-scaled.jpg&#8220; global_colors_info=&#8220;{}&#8220;][et_pb_column type=&#8220;1_3&#8243; _builder_version=&#8220;4.16&#8243; custom_padding=&#8220;|||&#8220; global_colors_info=&#8220;{}&#8220; custom_padding__hover=&#8220;|||&#8220;][et_pb_image src=&#8220;https:\/\/ogt-wesselburen.de\/wp-content\/uploads\/2026\/04\/Black-and-White-Polaroid-Fashion-Photo-Collage.png&#8220; title_text=&#8220;Black and White Polaroid Fashion Photo Collage&#8220; _builder_version=&#8220;4.27.4&#8243; _module_preset=&#8220;default&#8220; custom_margin=&#8220;|-156px|271px|-114px||&#8220; custom_padding=&#8220;140px|88px||||&#8220; global_colors_info=&#8220;{}&#8220;][\/et_pb_image][\/et_pb_column][et_pb_column type=&#8220;2_3&#8243; specialty_columns=&#8220;2&#8243; _builder_version=&#8220;4.16&#8243; custom_padding=&#8220;|||&#8220; global_colors_info=&#8220;{}&#8220; custom_padding__hover=&#8220;|||&#8220;][et_pb_row_inner _builder_version=&#8220;4.16&#8243; width=&#8220;88.1%&#8220; min_height=&#8220;788.1px&#8220; custom_padding=&#8220;||0px|||&#8220; global_colors_info=&#8220;{}&#8220;][et_pb_column_inner saved_specialty_column_type=&#8220;2_3&#8243; _builder_version=&#8220;4.16&#8243; global_colors_info=&#8220;{}&#8220;][et_pb_text _builder_version=&#8220;4.16&#8243; header_3_font=&#8220;ogt||||||||&#8220; header_3_text_color=&#8220;#a2bc57&#8243; header_3_font_size=&#8220;45px&#8220; header_3_line_height=&#8220;1.2em&#8220; max_width=&#8220;451px&#8220; max_width_tablet=&#8220;100%&#8220; max_width_phone=&#8220;&#8220; max_width_last_edited=&#8220;on|tablet&#8220; custom_padding=&#8220;|8px||||&#8220; header_3_font_size_tablet=&#8220;52px&#8220; header_3_font_size_phone=&#8220;42px&#8220; header_3_font_size_last_edited=&#8220;on|phone&#8220; locked=&#8220;off&#8220; global_colors_info=&#8220;{}&#8220;]<\/p>\n<h3>Das war unsere Osterferienbetreuung &#8217;26 \ud83d\ude42<\/h3>\n<p>[\/et_pb_text][et_pb_slider _builder_version=&#8220;4.27.4&#8243; header_font=&#8220;||||||||&#8220; header_text_align=&#8220;center&#8220; header_font_size=&#8220;1px&#8220; min_height=&#8220;160.9px&#8220; custom_padding=&#8220;21px|||62px||&#8220; global_colors_info=&#8220;{}&#8220;][et_pb_slide heading=&#8220;Unsere JIM-Detektiv-Akademie&#8220; _builder_version=&#8220;4.27.4&#8243; header_font_size=&#8220;27px&#8220; header_letter_spacing=&#8220;0px&#8220; header_line_height=&#8220;2.5em&#8220; background_layout=&#8220;light&#8220; global_colors_info=&#8220;{}&#8220; sticky_transition=&#8220;on&#8220;]<\/p>\n<p><a href=\"https:\/\/ogt-wesselburen.de\/wp-content\/uploads\/2026\/04\/WhatsApp-Image-2026-04-14-at-10.55.41.jpeg\" rel=\"lightbox[488]\"><img loading=\"lazy\" decoding=\"async\" src=\"https:\/\/ogt-wesselburen.de\/wp-content\/uploads\/2026\/04\/WhatsApp-Image-2026-04-14-at-10.55.41-225x300.jpeg\" width=\"225\" height=\"300\" alt=\"\" class=\"wp-image-3374 alignnone size-medium\" \/><\/a><\/p>\n<p>In den Ferien haben wir Detektivb\u00fccher gestaltet&#8230;<\/p>\n<p>[\/et_pb_slide][et_pb_slide heading=&#8220;Unsere JIM-Detektiv-Akademie&#8220; _builder_version=&#8220;4.27.4&#8243; _module_preset=&#8220;default&#8220; global_colors_info=&#8220;{}&#8220; sticky_transition=&#8220;on&#8220;]<\/p>\n<p><a href=\"https:\/\/ogt-wesselburen.de\/wp-content\/uploads\/2026\/04\/WhatsApp-Image-2026-04-13-at-13.11.27-3.jpeg\" rel=\"lightbox[488]\"><img loading=\"lazy\" decoding=\"async\" src=\"https:\/\/ogt-wesselburen.de\/wp-content\/uploads\/2026\/04\/WhatsApp-Image-2026-04-13-at-13.11.27-3-225x300.jpeg\" width=\"225\" height=\"300\" alt=\"\" class=\"wp-image-3375 alignnone size-medium\" \/><\/a><\/p>\n<p>&#8230;unsere Fingerabdr\u00fccke erkundet&#8230;<\/p>\n<p>[\/et_pb_slide][et_pb_slide heading=&#8220;Unsere JIM-Detektiv-Akademie&#8220; _builder_version=&#8220;4.27.4&#8243; _module_preset=&#8220;default&#8220; global_colors_info=&#8220;{}&#8220; sticky_transition=&#8220;on&#8220;]<\/p>\n<p><a href=\"https:\/\/ogt-wesselburen.de\/wp-content\/uploads\/2026\/04\/WhatsApp-Image-2026-04-14-at-10.55.39.jpeg\" rel=\"lightbox[488]\"><img loading=\"lazy\" decoding=\"async\" src=\"https:\/\/ogt-wesselburen.de\/wp-content\/uploads\/2026\/04\/WhatsApp-Image-2026-04-14-at-10.55.39-225x300.jpeg\" width=\"225\" height=\"300\" alt=\"\" class=\"wp-image-3376 alignnone size-medium\" \/><\/a><\/p>\n<p>&#8230;uns in Abenteuer gewagt&#8230;<\/p>\n<p>[\/et_pb_slide][et_pb_slide heading=&#8220;Unsere JIM-Detektiv-Akademie&#8220; _builder_version=&#8220;4.27.4&#8243; _module_preset=&#8220;default&#8220; global_colors_info=&#8220;{}&#8220; sticky_transition=&#8220;on&#8220;]<\/p>\n<p><a href=\"https:\/\/ogt-wesselburen.de\/wp-content\/uploads\/2026\/04\/WhatsApp-Image-2026-04-13-at-13.11.27-4.jpeg\" rel=\"lightbox[488]\"><img loading=\"lazy\" decoding=\"async\" src=\"https:\/\/ogt-wesselburen.de\/wp-content\/uploads\/2026\/04\/WhatsApp-Image-2026-04-13-at-13.11.27-4-225x300.jpeg\" width=\"225\" height=\"300\" alt=\"\" class=\"wp-image-3378 alignnone size-medium\" \/><\/a><\/p>\n<p>&#8230;R\u00e4tsel gel\u00f6st&#8230;<\/p>\n<p>[\/et_pb_slide][et_pb_slide heading=&#8220;Unsere JIM-Detektiv-Akademie&#8220; _builder_version=&#8220;4.27.4&#8243; _module_preset=&#8220;default&#8220; global_colors_info=&#8220;{}&#8220; sticky_transition=&#8220;on&#8220;]<\/p>\n<p><a href=\"https:\/\/ogt-wesselburen.de\/wp-content\/uploads\/2026\/04\/WhatsApp-Image-2026-04-13-at-13.11.25.jpeg\" rel=\"lightbox[488]\"><img loading=\"lazy\" decoding=\"async\" src=\"https:\/\/ogt-wesselburen.de\/wp-content\/uploads\/2026\/04\/WhatsApp-Image-2026-04-13-at-13.11.25-225x300.jpeg\" width=\"225\" height=\"300\" alt=\"\" class=\"wp-image-3383 alignnone size-medium\" \/><\/a><\/p>\n<p>&#8230;Roboter erschaffen&#8230;<\/p>\n<p>[\/et_pb_slide][et_pb_slide heading=&#8220;Unsere JIM-Detektiv-Akademie&#8220; _builder_version=&#8220;4.27.4&#8243; _module_preset=&#8220;default&#8220; global_colors_info=&#8220;{}&#8220; sticky_transition=&#8220;on&#8220;]<\/p>\n<p><a href=\"https:\/\/ogt-wesselburen.de\/wp-content\/uploads\/2026\/04\/WhatsApp-Image-2026-04-13-at-13.11.27.jpeg\" rel=\"lightbox[488]\"><img loading=\"lazy\" decoding=\"async\" src=\"https:\/\/ogt-wesselburen.de\/wp-content\/uploads\/2026\/04\/WhatsApp-Image-2026-04-13-at-13.11.27-225x300.jpeg\" width=\"225\" height=\"300\" alt=\"\" class=\"wp-image-3381 alignnone size-medium\" \/><\/a><\/p>\n<p>und uns gest\u00e4rkt, wie die drei Fragezeichen. <img decoding=\"async\" src=\"https:\/\/ogt-wesselburen.de\/wp-content\/themes\/Divi\/includes\/builder\/frontend-builder\/assets\/vendors\/plugins\/emoticons\/img\/smiley-cool.gif\" alt=\"cool\" \/><\/p>\n<p>[\/et_pb_slide][\/et_pb_slider][\/et_pb_column_inner][\/et_pb_row_inner][\/et_pb_column][\/et_pb_section][et_pb_section fb_built=&#8220;1&#8243; _builder_version=&#8220;4.16&#8243; background_color=&#8220;#57a3d7&#8243; global_colors_info=&#8220;{}&#8220;][et_pb_row column_structure=&#8220;1_3,1_3,1_3&#8243; _builder_version=&#8220;4.16&#8243; global_colors_info=&#8220;{}&#8220;][et_pb_column type=&#8220;1_3&#8243; _builder_version=&#8220;4.16&#8243; global_colors_info=&#8220;{}&#8220;][et_pb_text _builder_version=&#8220;4.16&#8243; text_font=&#8220;Merriweather|700|||||||&#8220; text_text_color=&#8220;#ffffff&#8220; text_font_size=&#8220;18px&#8220; header_4_font=&#8220;Merriweather|700|||||||&#8220; header_4_text_color=&#8220;#d26942&#8243; header_4_font_size=&#8220;20px&#8220; global_colors_info=&#8220;{}&#8220;]<\/p>\n<h4>Kontakt<\/h4>\n<p>Festnetz \u2013 04833 425 72 68<\/p>\n<p>Sven \u2013 0152 24 24 68 83<\/p>\n<p><span style=\"color: #ffffff;\"><a href=\"mailto:ogt-wesselburen@vhs-dithmarschen.de\" style=\"color: #ffffff;\">ogt-wesselburen@vhs-dithmarschen.de<\/a><\/span><\/p>\n<p><span style=\"color: #ffffff;\"><a href=\"mailto:reimers@vhs-dithmarschen.de\" style=\"color: #ffffff;\">reimers@vhs-dithmarschen.de<\/a><\/span><\/p>\n<p>goetzke@vhs-dithmarschen.de<\/p>\n<p>&nbsp;<\/p>\n<p>[\/et_pb_text][\/et_pb_column][et_pb_column type=&#8220;1_3&#8243; _builder_version=&#8220;4.16&#8243; global_colors_info=&#8220;{}&#8220;][et_pb_text _builder_version=&#8220;4.16&#8243; text_font=&#8220;Merriweather|700|||||||&#8220; text_font_size=&#8220;20px&#8220; global_colors_info=&#8220;{}&#8220;]<\/p>\n<p><a href=\"https:\/\/ogt-wesselburen.de\/wp-admin\/post.php?post=95&amp;action=edit\">Impressum<\/a><\/p>\n<p>[\/et_pb_text][et_pb_text _builder_version=&#8220;4.23.4&#8243; text_font=&#8220;Merriweather|700|||||||&#8220; text_font_size=&#8220;20px&#8220; global_colors_info=&#8220;{}&#8220;]<\/p>\n<p><a href=\"https:\/\/ogt-wesselburen.de\/?page_id=2380\">Datenschutz<\/a><\/p>\n<p>[\/et_pb_text][\/et_pb_column][et_pb_column type=&#8220;1_3&#8243; _builder_version=&#8220;4.16&#8243; global_colors_info=&#8220;{}&#8220;][et_pb_text _builder_version=&#8220;4.16&#8243; text_font=&#8220;|600|||||||&#8220; text_font_size=&#8220;20px&#8220; global_colors_info=&#8220;{}&#8220;]<\/p>\n<p><a href=\"https:\/\/ogt-wesselburen.de\/?page_id=16\">Partner &amp; Website Empfehlungen<\/a><\/p>\n<p>[\/et_pb_text][\/et_pb_column][\/et_pb_row][\/et_pb_section]<\/p>\n","protected":false},"excerpt":{"rendered":"<p>Unser Angebot f\u00fcr die FerienDie neuen ANmeldeb\u00f6gen sind in K\u00fcrze verf\u00fcgbar! Hier unsere Abdeckung der Ferienbetreuung 2026 (in Gr\u00fcn)Das war unsere Osterferienbetreuung &#8217;26 \ud83d\ude42 In den Ferien haben wir Detektivb\u00fccher gestaltet&#8230; &#8230;unsere Fingerabdr\u00fccke erkundet&#8230; &#8230;uns in Abenteuer gewagt&#8230; &#8230;R\u00e4tsel gel\u00f6st&#8230; &#8230;Roboter erschaffen&#8230; und uns gest\u00e4rkt, wie die drei Fragezeichen. Kontakt Festnetz \u2013 04833 425 72 [&hellip;]<\/p>\n","protected":false},"author":12,"featured_media":0,"parent":0,"menu_order":0,"comment_status":"closed","ping_status":"closed","template":"","meta":{"_et_pb_use_builder":"on","_et_pb_old_content":"<hr \/>\r\n\r\n<em><strong>Ferienbetreuung 2022\r\n<\/strong><\/em>\r\n\r\nLiebe Eltern und Erziehungsberechtigte,\r\n\r\nsehr gerne m\u00f6chten wir eure Kinder zu unserer Ferienbetreuung im kommenden Jahr einladen!\r\n\r\nWir freuen uns auf ereignisreiche Wochen und k\u00f6nnen es gar nicht erwarten, bis es endlich losgeht!\r\n\r\nWenn ihr noch die Anmeldeb\u00f6gen ben\u00f6tigt, k\u00f6nnt ihr sie hier einfach downloaden.\r\n\r\n\u00a0\r\n\r\n<a href=\"https:\/\/ogt-wesselburen.de\/wp-content\/uploads\/2021\/12\/Anmeldebogen-Ostern-2022.pdf\">Anmeldebogen Ostern 2022<\/a>\r\n\r\n<a href=\"https:\/\/ogt-wesselburen.de\/wp-content\/uploads\/2021\/12\/Anmeldebogen-Sommer-2022.pdf\">Anmeldebogen Sommer 2022<\/a>\r\n\r\n<a href=\"https:\/\/ogt-wesselburen.de\/wp-content\/uploads\/2021\/12\/Anmeldebogen-Herbst-2022.pdf\">Anmeldebogen Herbst 2022<\/a>\r\n\r\n\u00a0\r\n\r\n\u00a0\r\n\r\nHier einige Impressionen von unseren Ausfl\u00fcgen auf den Bauernhof in Haferwisch sowie in das Burger Waldmuseum:\r\n\r\n<a href=\"https:\/\/ogt-wesselburen.de\/wp-content\/uploads\/2019\/10\/20191015_105102.jpg\"><img class=\"alignnone size-medium wp-image-1450\" src=\"https:\/\/ogt-wesselburen.de\/wp-content\/uploads\/2019\/10\/20191015_105102-225x300.jpg\" alt=\"\" width=\"225\" height=\"300\" \/><\/a> <a href=\"https:\/\/ogt-wesselburen.de\/wp-content\/uploads\/2019\/10\/20191015_105125.jpg\"><img class=\"alignnone size-medium wp-image-1451\" src=\"https:\/\/ogt-wesselburen.de\/wp-content\/uploads\/2019\/10\/20191015_105125-225x300.jpg\" alt=\"\" width=\"225\" height=\"300\" \/><\/a> <a href=\"https:\/\/ogt-wesselburen.de\/wp-content\/uploads\/2019\/10\/20191015_105352.jpg\"><img class=\"alignnone size-medium wp-image-1452\" src=\"https:\/\/ogt-wesselburen.de\/wp-content\/uploads\/2019\/10\/20191015_105352-225x300.jpg\" alt=\"\" width=\"225\" height=\"300\" \/><\/a> <a href=\"https:\/\/ogt-wesselburen.de\/wp-content\/uploads\/2019\/10\/20191015_110133.jpg\"><img class=\"alignnone size-medium wp-image-1453\" src=\"https:\/\/ogt-wesselburen.de\/wp-content\/uploads\/2019\/10\/20191015_110133-300x225.jpg\" alt=\"\" width=\"300\" height=\"225\" \/><\/a> <a href=\"https:\/\/ogt-wesselburen.de\/wp-content\/uploads\/2019\/10\/20191015_111624.jpg\"><img class=\"alignnone size-medium wp-image-1454\" src=\"https:\/\/ogt-wesselburen.de\/wp-content\/uploads\/2019\/10\/20191015_111624-300x225.jpg\" alt=\"\" width=\"300\" height=\"225\" \/><\/a> <a href=\"https:\/\/ogt-wesselburen.de\/wp-content\/uploads\/2019\/10\/20191015_115950.jpg\"><img class=\"alignnone size-medium wp-image-1455\" src=\"https:\/\/ogt-wesselburen.de\/wp-content\/uploads\/2019\/10\/20191015_115950-300x225.jpg\" alt=\"\" width=\"300\" height=\"225\" \/><\/a> <a href=\"https:\/\/ogt-wesselburen.de\/wp-content\/uploads\/2019\/10\/20191017_081205.jpg\"><img class=\"alignnone size-medium wp-image-1456\" src=\"https:\/\/ogt-wesselburen.de\/wp-content\/uploads\/2019\/10\/20191017_081205-225x300.jpg\" alt=\"\" width=\"225\" height=\"300\" \/><\/a> <a href=\"https:\/\/ogt-wesselburen.de\/wp-content\/uploads\/2019\/10\/20191017_091849.jpg\"><img class=\"alignnone size-medium wp-image-1457\" src=\"https:\/\/ogt-wesselburen.de\/wp-content\/uploads\/2019\/10\/20191017_091849-225x300.jpg\" alt=\"\" width=\"225\" height=\"300\" \/><\/a> <a href=\"https:\/\/ogt-wesselburen.de\/wp-content\/uploads\/2019\/10\/20191017_091857.jpg\"><img class=\"alignnone size-medium wp-image-1458\" src=\"https:\/\/ogt-wesselburen.de\/wp-content\/uploads\/2019\/10\/20191017_091857-300x225.jpg\" alt=\"\" width=\"300\" height=\"225\" \/><\/a> <a href=\"https:\/\/ogt-wesselburen.de\/wp-content\/uploads\/2019\/10\/20191017_131142.jpg\"><img class=\"alignnone size-medium wp-image-1459\" src=\"https:\/\/ogt-wesselburen.de\/wp-content\/uploads\/2019\/10\/20191017_131142-300x225.jpg\" alt=\"\" width=\"300\" height=\"225\" \/><\/a> <a href=\"https:\/\/ogt-wesselburen.de\/wp-content\/uploads\/2019\/10\/20191017_140030.jpg\"><img class=\"alignnone size-medium wp-image-1460\" src=\"https:\/\/ogt-wesselburen.de\/wp-content\/uploads\/2019\/10\/20191017_140030-225x300.jpg\" alt=\"\" width=\"225\" height=\"300\" \/><\/a>\r\n\r\n\u00a0","_et_gb_content_width":"","footnotes":""},"class_list":["post-488","page","type-page","status-publish","hentry"],"_links":{"self":[{"href":"https:\/\/ogt-wesselburen.de\/index.php?rest_route=\/wp\/v2\/pages\/488","targetHints":{"allow":["GET"]}}],"collection":[{"href":"https:\/\/ogt-wesselburen.de\/index.php?rest_route=\/wp\/v2\/pages"}],"about":[{"href":"https:\/\/ogt-wesselburen.de\/index.php?rest_route=\/wp\/v2\/types\/page"}],"author":[{"embeddable":true,"href":"https:\/\/ogt-wesselburen.de\/index.php?rest_route=\/wp\/v2\/users\/12"}],"replies":[{"embeddable":true,"href":"https:\/\/ogt-wesselburen.de\/index.php?rest_route=%2Fwp%2Fv2%2Fcomments&post=488"}],"version-history":[{"count":199,"href":"https:\/\/ogt-wesselburen.de\/index.php?rest_route=\/wp\/v2\/pages\/488\/revisions"}],"predecessor-version":[{"id":3410,"href":"https:\/\/ogt-wesselburen.de\/index.php?rest_route=\/wp\/v2\/pages\/488\/revisions\/3410"}],"wp:attachment":[{"href":"https:\/\/ogt-wesselburen.de\/index.php?rest_route=%2Fwp%2Fv2%2Fmedia&parent=488"}],"curies":[{"name":"wp","href":"https:\/\/api.w.org\/{rel}","templated":true}]}}